{"id":2502,"date":"2014-02-26T16:48:18","date_gmt":"2014-02-26T16:48:18","guid":{"rendered":"https:\/\/www.restauracion-obras-arte.com\/galerie\/trabajos-escultura\/"},"modified":"2026-03-11T15:39:50","modified_gmt":"2026-03-11T15:39:50","slug":"galerie-de-sculptures","status":"publish","type":"page","link":"https:\/\/www.restauracion-obras-arte.com\/fr\/galerie\/galerie-de-sculptures\/","title":{"rendered":"Galerie de sculptures"},"content":{"rendered":"<p style=\"text-align: center;\"><hgroup id=\"g1-hgroup-counter-1\" class=\"g1-hgroup g1-type-classic\">\n<h5 class=\"g1-regular\" style=\"text-align: center;\">\u0152uvres sculpt\u00e9es<\/h5>\n<h1 class=\"g1-important\" style=\"text-align: center;\">Galerie de sculptures<\/h1>\n<p style=\"text-align: center;\"><\/hgroup><\/p>\n\n\t\t<style type='text\/css'>\n\t\t\t#gallery-1 {\n\t\t\t\tmargin: auto;\n\t\t\t}\n\t\t\t#gallery-1 .gallery-item {\n\t\t\t\tfloat: left;\n\t\t\t\tmargin-top: 10px;\n\t\t\t\ttext-align: center;\n\t\t\t\twidth: 16%;\n\t\t\t}\n\t\t\t#gallery-1 img {\n\t\t\t\tborder: 2px solid #cfcfcf;\n\t\t\t}\n\t\t\t#gallery-1 .gallery-caption {\n\t\t\t\tmargin-left: 0;\n\t\t\t}\n\t\t\t\/* see gallery_shortcode() in wp-includes\/media.php *\/\n\t\t<\/style>\n\t\t<div id='gallery-1' class='gallery galleryid-2502 gallery-columns-6 gallery-size-thumbnail'><dl class='gallery-item'>\n\t\t\t<dt class='gallery-icon '>\n\t\t\t\t<a href='https:\/\/www.restauracion-obras-arte.com\/wp-content\/uploads\/2018\/11\/Mores-antes.jpg'><img loading=\"lazy\" decoding=\"async\" width=\"150\" height=\"150\" src=\"https:\/\/www.restauracion-obras-arte.com\/wp-content\/uploads\/2018\/11\/Mores-antes-150x150.jpg\" class=\"attachment-thumbnail size-thumbnail\" alt=\"Polychrome wood carving. 17th century. Original state. The carving had been completely repainted.\" srcset=\"https:\/\/www.restauracion-obras-arte.com\/wp-content\/uploads\/2018\/11\/Mores-antes-150x150.jpg 150w, https:\/\/www.restauracion-obras-arte.com\/wp-content\/uploads\/2018\/11\/Mores-antes-47x47.jpg 47w\" sizes=\"auto, (max-width: 150px) 100vw, 150px\" \/><\/a>\n\t\t\t<\/dt>\n\t\t\t\t<dd class='wp-caption-text gallery-caption'>\n\t\t\t\tPolychrome wood carving. 17th century. Original state. The carving had been completely repainted.\n\t\t\t\t<\/dd><\/dl><dl class='gallery-item'>\n\t\t\t<dt class='gallery-icon '>\n\t\t\t\t<a href='https:\/\/www.restauracion-obras-arte.com\/wp-content\/uploads\/2018\/11\/20181027_152024-e1542197259544.jpg'><img loading=\"lazy\" decoding=\"async\" width=\"150\" height=\"150\" src=\"https:\/\/www.restauracion-obras-arte.com\/wp-content\/uploads\/2018\/11\/20181027_152024-e1542197259544-150x150.jpg\" class=\"attachment-thumbnail size-thumbnail\" alt=\"Sculpture sur bois polychrome. XVIIe si\u00e8cle. \u00c9tat final apr\u00e8s suppression des repeints.\" srcset=\"https:\/\/www.restauracion-obras-arte.com\/wp-content\/uploads\/2018\/11\/20181027_152024-e1542197259544-150x150.jpg 150w, https:\/\/www.restauracion-obras-arte.com\/wp-content\/uploads\/2018\/11\/20181027_152024-e1542197259544-47x47.jpg 47w\" sizes=\"auto, (max-width: 150px) 100vw, 150px\" \/><\/a>\n\t\t\t<\/dt>\n\t\t\t\t<dd class='wp-caption-text gallery-caption'>\n\t\t\t\tSculpture sur bois polychrome. XVIIe si\u00e8cle. \u00c9tat final apr\u00e8s suppression des repeints.\n\t\t\t\t<\/dd><\/dl><dl class='gallery-item'>\n\t\t\t<dt class='gallery-icon '>\n\t\t\t\t<a href='https:\/\/www.restauracion-obras-arte.com\/wp-content\/uploads\/2014\/02\/relieve-piedad-s-lorenzo-antes.jpg'><img loading=\"lazy\" decoding=\"async\" width=\"150\" height=\"150\" src=\"https:\/\/www.restauracion-obras-arte.com\/wp-content\/uploads\/2014\/02\/relieve-piedad-s-lorenzo-antes-150x150.jpg\" class=\"attachment-thumbnail size-thumbnail\" alt=\"\u00c9tat initial Relief de la Piet\u00e0 \u00c9glise San Lorenzo (S\u00e9govie)\" srcset=\"https:\/\/www.restauracion-obras-arte.com\/wp-content\/uploads\/2014\/02\/relieve-piedad-s-lorenzo-antes-150x150.jpg 150w, https:\/\/www.restauracion-obras-arte.com\/wp-content\/uploads\/2014\/02\/relieve-piedad-s-lorenzo-antes-47x47.jpg 47w\" sizes=\"auto, (max-width: 150px) 100vw, 150px\" \/><\/a>\n\t\t\t<\/dt>\n\t\t\t\t<dd class='wp-caption-text gallery-caption'>\n\t\t\t\t\u00c9tat initial<br\/> Relief de la Piet\u00e0 <br\/> \u00c9glise San Lorenzo<br> (S\u00e9govie)\n\n\t\t\t\t<\/dd><\/dl><dl class='gallery-item'>\n\t\t\t<dt class='gallery-icon '>\n\t\t\t\t<a href='https:\/\/www.restauracion-obras-arte.com\/wp-content\/uploads\/2014\/02\/relieve-piedad-s-lorenzo-despues.jpg'><img loading=\"lazy\" decoding=\"async\" width=\"150\" height=\"150\" src=\"https:\/\/www.restauracion-obras-arte.com\/wp-content\/uploads\/2014\/02\/relieve-piedad-s-lorenzo-despues-150x150.jpg\" class=\"attachment-thumbnail size-thumbnail\" alt=\"\u00c9tat final Relief de la Piet\u00e0 \u00c9glise San Lorenzo (S\u00e9govie)\" srcset=\"https:\/\/www.restauracion-obras-arte.com\/wp-content\/uploads\/2014\/02\/relieve-piedad-s-lorenzo-despues-150x150.jpg 150w, https:\/\/www.restauracion-obras-arte.com\/wp-content\/uploads\/2014\/02\/relieve-piedad-s-lorenzo-despues-47x47.jpg 47w\" sizes=\"auto, (max-width: 150px) 100vw, 150px\" \/><\/a>\n\t\t\t<\/dt>\n\t\t\t\t<dd class='wp-caption-text gallery-caption'>\n\t\t\t\t\u00c9tat final <br\/> Relief de la Piet\u00e0 <br\/> \u00c9glise San Lorenzo <br> (S\u00e9govie)\n\t\t\t\t<\/dd><\/dl><dl class='gallery-item'>\n\t\t\t<dt class='gallery-icon '>\n\t\t\t\t<a href='https:\/\/www.restauracion-obras-arte.com\/wp-content\/uploads\/2014\/02\/sta-marta-limpieza.jpg'><img loading=\"lazy\" decoding=\"async\" width=\"150\" height=\"150\" src=\"https:\/\/www.restauracion-obras-arte.com\/wp-content\/uploads\/2014\/02\/sta-marta-limpieza-150x150.jpg\" class=\"attachment-thumbnail size-thumbnail\" alt=\"Nettoyage Relief de la Piet\u00e0 \u00c9glise San Lorenzo (S\u00e9govie)\" srcset=\"https:\/\/www.restauracion-obras-arte.com\/wp-content\/uploads\/2014\/02\/sta-marta-limpieza-150x150.jpg 150w, https:\/\/www.restauracion-obras-arte.com\/wp-content\/uploads\/2014\/02\/sta-marta-limpieza-47x47.jpg 47w\" sizes=\"auto, (max-width: 150px) 100vw, 150px\" \/><\/a>\n\t\t\t<\/dt>\n\t\t\t\t<dd class='wp-caption-text gallery-caption'>\n\t\t\t\tNettoyage<br\/> Relief de la Piet\u00e0<br\/> \u00c9glise San Lorenzo<br> (S\u00e9govie)\n\t\t\t\t<\/dd><\/dl><dl class='gallery-item'>\n\t\t\t<dt class='gallery-icon '>\n\t\t\t\t<a href='https:\/\/www.restauracion-obras-arte.com\/wp-content\/uploads\/2014\/03\/Santa-Marta.png'><img loading=\"lazy\" decoding=\"async\" width=\"150\" height=\"150\" src=\"https:\/\/www.restauracion-obras-arte.com\/wp-content\/uploads\/2014\/03\/Santa-Marta-150x150.png\" class=\"attachment-thumbnail size-thumbnail\" alt=\"\" srcset=\"https:\/\/www.restauracion-obras-arte.com\/wp-content\/uploads\/2014\/03\/Santa-Marta-150x150.png 150w, https:\/\/www.restauracion-obras-arte.com\/wp-content\/uploads\/2014\/03\/Santa-Marta-47x47.png 47w\" sizes=\"auto, (max-width: 150px) 100vw, 150px\" \/><\/a>\n\t\t\t<\/dt>\n\t\t\t\t<dd class='wp-caption-text gallery-caption'>\n\t\t\t\tSanta Marta\n\t\t\t\t<\/dd><\/dl><br style=\"clear: both\" \/><dl class='gallery-item'>\n\t\t\t<dt class='gallery-icon '>\n\t\t\t\t<a href='https:\/\/www.restauracion-obras-arte.com\/wp-content\/uploads\/2022\/01\/Foto6R.jpg'><img loading=\"lazy\" decoding=\"async\" width=\"150\" height=\"150\" src=\"https:\/\/www.restauracion-obras-arte.com\/wp-content\/uploads\/2022\/01\/Foto6R-150x150.jpg\" class=\"attachment-thumbnail size-thumbnail\" alt=\"\u00c9tat initial Saint Gr\u00e9goire\" srcset=\"https:\/\/www.restauracion-obras-arte.com\/wp-content\/uploads\/2022\/01\/Foto6R-150x150.jpg 150w, https:\/\/www.restauracion-obras-arte.com\/wp-content\/uploads\/2022\/01\/Foto6R-47x47.jpg 47w\" sizes=\"auto, (max-width: 150px) 100vw, 150px\" \/><\/a>\n\t\t\t<\/dt>\n\t\t\t\t<dd class='wp-caption-text gallery-caption'>\n\t\t\t\t\u00c9tat initial <br> Saint Gr\u00e9goire\n\t\t\t\t<\/dd><\/dl><dl class='gallery-item'>\n\t\t\t<dt class='gallery-icon '>\n\t\t\t\t<a href='https:\/\/www.restauracion-obras-arte.com\/wp-content\/uploads\/2022\/01\/Foto7R.jpg'><img loading=\"lazy\" decoding=\"async\" width=\"150\" height=\"150\" src=\"https:\/\/www.restauracion-obras-arte.com\/wp-content\/uploads\/2022\/01\/Foto7R-150x150.jpg\" class=\"attachment-thumbnail size-thumbnail\" alt=\"\u00c9tat final Saint Gr\u00e9goire\" srcset=\"https:\/\/www.restauracion-obras-arte.com\/wp-content\/uploads\/2022\/01\/Foto7R-150x150.jpg 150w, https:\/\/www.restauracion-obras-arte.com\/wp-content\/uploads\/2022\/01\/Foto7R-47x47.jpg 47w\" sizes=\"auto, (max-width: 150px) 100vw, 150px\" \/><\/a>\n\t\t\t<\/dt>\n\t\t\t\t<dd class='wp-caption-text gallery-caption'>\n\t\t\t\t\u00c9tat final <br> Saint Gr\u00e9goire\n\t\t\t\t<\/dd><\/dl><dl class='gallery-item'>\n\t\t\t<dt class='gallery-icon '>\n\t\t\t\t<a href='https:\/\/www.restauracion-obras-arte.com\/wp-content\/uploads\/2026\/03\/2-Estado-inicial.-Busto-de-marmol-del-Emperador-Caracalla.jpg'><img loading=\"lazy\" decoding=\"async\" width=\"150\" height=\"150\" src=\"https:\/\/www.restauracion-obras-arte.com\/wp-content\/uploads\/2026\/03\/2-Estado-inicial.-Busto-de-marmol-del-Emperador-Caracalla-150x150.jpg\" class=\"attachment-thumbnail size-thumbnail\" alt=\"\u00c9tat initial Buste en marbre de l&#039;empereur Caracalla\" srcset=\"https:\/\/www.restauracion-obras-arte.com\/wp-content\/uploads\/2026\/03\/2-Estado-inicial.-Busto-de-marmol-del-Emperador-Caracalla-150x150.jpg 150w, https:\/\/www.restauracion-obras-arte.com\/wp-content\/uploads\/2026\/03\/2-Estado-inicial.-Busto-de-marmol-del-Emperador-Caracalla-47x47.jpg 47w\" sizes=\"auto, (max-width: 150px) 100vw, 150px\" \/><\/a>\n\t\t\t<\/dt>\n\t\t\t\t<dd class='wp-caption-text gallery-caption'>\n\t\t\t\t\u00c9tat initial <br>Buste en marbre de l&#8217;empereur Caracalla\n\t\t\t\t<\/dd><\/dl><dl class='gallery-item'>\n\t\t\t<dt class='gallery-icon '>\n\t\t\t\t<a href='https:\/\/www.restauracion-obras-arte.com\/wp-content\/uploads\/2026\/03\/3-Estado-final.-Emperador-Caracalla.j-gp.jpg'><img loading=\"lazy\" decoding=\"async\" width=\"150\" height=\"150\" src=\"https:\/\/www.restauracion-obras-arte.com\/wp-content\/uploads\/2026\/03\/3-Estado-final.-Emperador-Caracalla.j-gp-150x150.jpg\" class=\"attachment-thumbnail size-thumbnail\" alt=\"\u00c9tat final L&#039;empereur Caracalla\" srcset=\"https:\/\/www.restauracion-obras-arte.com\/wp-content\/uploads\/2026\/03\/3-Estado-final.-Emperador-Caracalla.j-gp-150x150.jpg 150w, https:\/\/www.restauracion-obras-arte.com\/wp-content\/uploads\/2026\/03\/3-Estado-final.-Emperador-Caracalla.j-gp-47x47.jpg 47w\" sizes=\"auto, (max-width: 150px) 100vw, 150px\" \/><\/a>\n\t\t\t<\/dt>\n\t\t\t\t<dd class='wp-caption-text gallery-caption'>\n\t\t\t\t\u00c9tat final <br>\nL&#8217;empereur Caracalla\n\t\t\t\t<\/dd><\/dl><dl class='gallery-item'>\n\t\t\t<dt class='gallery-icon '>\n\t\t\t\t<a href='https:\/\/www.restauracion-obras-arte.com\/wp-content\/uploads\/2026\/03\/4-Estado-inicial.-Busto-en-marmol-de-Julio-Cesar.jpg'><img loading=\"lazy\" decoding=\"async\" width=\"150\" height=\"150\" src=\"https:\/\/www.restauracion-obras-arte.com\/wp-content\/uploads\/2026\/03\/4-Estado-inicial.-Busto-en-marmol-de-Julio-Cesar-150x150.jpg\" class=\"attachment-thumbnail size-thumbnail\" alt=\"\u00c9tat initial Buste en marbre de Jules C\u00e9sar\" srcset=\"https:\/\/www.restauracion-obras-arte.com\/wp-content\/uploads\/2026\/03\/4-Estado-inicial.-Busto-en-marmol-de-Julio-Cesar-150x150.jpg 150w, https:\/\/www.restauracion-obras-arte.com\/wp-content\/uploads\/2026\/03\/4-Estado-inicial.-Busto-en-marmol-de-Julio-Cesar-47x47.jpg 47w\" sizes=\"auto, (max-width: 150px) 100vw, 150px\" \/><\/a>\n\t\t\t<\/dt>\n\t\t\t\t<dd class='wp-caption-text gallery-caption'>\n\t\t\t\t\u00c9tat initial <br>\nBuste en marbre de Jules C\u00e9sar\n\t\t\t\t<\/dd><\/dl><dl class='gallery-item'>\n\t\t\t<dt class='gallery-icon '>\n\t\t\t\t<a href='https:\/\/www.restauracion-obras-arte.com\/wp-content\/uploads\/2026\/03\/1-Estado-final.-Busto-Julio-Cesar.jpg'><img loading=\"lazy\" decoding=\"async\" width=\"150\" height=\"150\" src=\"https:\/\/www.restauracion-obras-arte.com\/wp-content\/uploads\/2026\/03\/1-Estado-final.-Busto-Julio-Cesar-150x150.jpg\" class=\"attachment-thumbnail size-thumbnail\" alt=\"\u00c9tat final Buste en marbre de Jules C\u00e9sar\" srcset=\"https:\/\/www.restauracion-obras-arte.com\/wp-content\/uploads\/2026\/03\/1-Estado-final.-Busto-Julio-Cesar-150x150.jpg 150w, https:\/\/www.restauracion-obras-arte.com\/wp-content\/uploads\/2026\/03\/1-Estado-final.-Busto-Julio-Cesar-47x47.jpg 47w\" sizes=\"auto, (max-width: 150px) 100vw, 150px\" \/><\/a>\n\t\t\t<\/dt>\n\t\t\t\t<dd class='wp-caption-text gallery-caption'>\n\t\t\t\t\u00c9tat final <br\/> Buste en marbre de Jules C\u00e9sar\n\t\t\t\t<\/dd><\/dl><br style=\"clear: both\" \/><dl class='gallery-item'>\n\t\t\t<dt class='gallery-icon '>\n\t\t\t\t<a href='https:\/\/www.restauracion-obras-arte.com\/wp-content\/uploads\/2026\/03\/5-Julio-Cesar.-Perdidas-volumetricas.jpg'><img loading=\"lazy\" decoding=\"async\" width=\"150\" height=\"150\" src=\"https:\/\/www.restauracion-obras-arte.com\/wp-content\/uploads\/2026\/03\/5-Julio-Cesar.-Perdidas-volumetricas-150x150.jpg\" class=\"attachment-thumbnail size-thumbnail\" alt=\"Jules C\u00e9sar. Pertes volum\u00e9triques\" srcset=\"https:\/\/www.restauracion-obras-arte.com\/wp-content\/uploads\/2026\/03\/5-Julio-Cesar.-Perdidas-volumetricas-150x150.jpg 150w, https:\/\/www.restauracion-obras-arte.com\/wp-content\/uploads\/2026\/03\/5-Julio-Cesar.-Perdidas-volumetricas-47x47.jpg 47w\" sizes=\"auto, (max-width: 150px) 100vw, 150px\" \/><\/a>\n\t\t\t<\/dt>\n\t\t\t\t<dd class='wp-caption-text gallery-caption'>\n\t\t\t\tJules C\u00e9sar. Pertes volum\u00e9triques\n\t\t\t\t<\/dd><\/dl><dl class='gallery-item'>\n\t\t\t<dt class='gallery-icon '>\n\t\t\t\t<a href='https:\/\/www.restauracion-obras-arte.com\/wp-content\/uploads\/2026\/03\/6-Limpieza-busto-de-marmol.jpg'><img loading=\"lazy\" decoding=\"async\" width=\"150\" height=\"150\" src=\"https:\/\/www.restauracion-obras-arte.com\/wp-content\/uploads\/2026\/03\/6-Limpieza-busto-de-marmol-150x150.jpg\" class=\"attachment-thumbnail size-thumbnail\" alt=\"Nettoyage d&#039;un buste en marbre\" srcset=\"https:\/\/www.restauracion-obras-arte.com\/wp-content\/uploads\/2026\/03\/6-Limpieza-busto-de-marmol-150x150.jpg 150w, https:\/\/www.restauracion-obras-arte.com\/wp-content\/uploads\/2026\/03\/6-Limpieza-busto-de-marmol-47x47.jpg 47w\" sizes=\"auto, (max-width: 150px) 100vw, 150px\" \/><\/a>\n\t\t\t<\/dt>\n\t\t\t\t<dd class='wp-caption-text gallery-caption'>\n\t\t\t\tNettoyage d&rsquo;un buste en marbre\n\n\t\t\t\t<\/dd><\/dl><dl class='gallery-item'>\n\t\t\t<dt class='gallery-icon '>\n\t\t\t\t<a href='https:\/\/www.restauracion-obras-arte.com\/wp-content\/uploads\/2026\/03\/7-San-Carlos-Borromeo.-Catas-limpieza.jpg'><img loading=\"lazy\" decoding=\"async\" width=\"150\" height=\"150\" src=\"https:\/\/www.restauracion-obras-arte.com\/wp-content\/uploads\/2026\/03\/7-San-Carlos-Borromeo.-Catas-limpieza-150x150.jpg\" class=\"attachment-thumbnail size-thumbnail\" alt=\"San Carlos Borromeo. D\u00e9gustations de nettoyage\" srcset=\"https:\/\/www.restauracion-obras-arte.com\/wp-content\/uploads\/2026\/03\/7-San-Carlos-Borromeo.-Catas-limpieza-150x150.jpg 150w, https:\/\/www.restauracion-obras-arte.com\/wp-content\/uploads\/2026\/03\/7-San-Carlos-Borromeo.-Catas-limpieza-47x47.jpg 47w\" sizes=\"auto, (max-width: 150px) 100vw, 150px\" \/><\/a>\n\t\t\t<\/dt>\n\t\t\t\t<dd class='wp-caption-text gallery-caption'>\n\t\t\t\tSan Carlos Borromeo. D\u00e9gustations de nettoyage\n\t\t\t\t<\/dd><\/dl><dl class='gallery-item'>\n\t\t\t<dt class='gallery-icon '>\n\t\t\t\t<a href='https:\/\/www.restauracion-obras-arte.com\/wp-content\/uploads\/2026\/03\/8-Estado-inicial-talla-policromada-finales-S.-XVI.jpg'><img loading=\"lazy\" decoding=\"async\" width=\"150\" height=\"150\" src=\"https:\/\/www.restauracion-obras-arte.com\/wp-content\/uploads\/2026\/03\/8-Estado-inicial-talla-policromada-finales-S.-XVI-150x150.jpg\" class=\"attachment-thumbnail size-thumbnail\" alt=\"\u00c9tat initial Sculpture polychrome, fin du XVIe si\u00e8cle\" srcset=\"https:\/\/www.restauracion-obras-arte.com\/wp-content\/uploads\/2026\/03\/8-Estado-inicial-talla-policromada-finales-S.-XVI-150x150.jpg 150w, https:\/\/www.restauracion-obras-arte.com\/wp-content\/uploads\/2026\/03\/8-Estado-inicial-talla-policromada-finales-S.-XVI-47x47.jpg 47w\" sizes=\"auto, (max-width: 150px) 100vw, 150px\" \/><\/a>\n\t\t\t<\/dt>\n\t\t\t\t<dd class='wp-caption-text gallery-caption'>\n\t\t\t\t\u00c9tat initial <br>Sculpture polychrome, <br> fin du XVIe si\u00e8cle\n\t\t\t\t<\/dd><\/dl><dl class='gallery-item'>\n\t\t\t<dt class='gallery-icon '>\n\t\t\t\t<a href='https:\/\/www.restauracion-obras-arte.com\/wp-content\/uploads\/2026\/03\/9-Estado-final.jpg'><img loading=\"lazy\" decoding=\"async\" width=\"150\" height=\"150\" src=\"https:\/\/www.restauracion-obras-arte.com\/wp-content\/uploads\/2026\/03\/9-Estado-final-150x150.jpg\" class=\"attachment-thumbnail size-thumbnail\" alt=\"\u00c9tat final Sculpture polychrome, fin du XVIe si\u00e8cle\" srcset=\"https:\/\/www.restauracion-obras-arte.com\/wp-content\/uploads\/2026\/03\/9-Estado-final-150x150.jpg 150w, https:\/\/www.restauracion-obras-arte.com\/wp-content\/uploads\/2026\/03\/9-Estado-final-47x47.jpg 47w\" sizes=\"auto, (max-width: 150px) 100vw, 150px\" \/><\/a>\n\t\t\t<\/dt>\n\t\t\t\t<dd class='wp-caption-text gallery-caption'>\n\t\t\t\t\u00c9tat final <br> Sculpture polychrome, <br>fin du XVIe si\u00e8cle\n\t\t\t\t<\/dd><\/dl><dl class='gallery-item'>\n\t\t\t<dt class='gallery-icon '>\n\t\t\t\t<a href='https:\/\/www.restauracion-obras-arte.com\/wp-content\/uploads\/2026\/03\/10-Fijacion-de-la-policromia.jpg'><img loading=\"lazy\" decoding=\"async\" width=\"150\" height=\"150\" src=\"https:\/\/www.restauracion-obras-arte.com\/wp-content\/uploads\/2026\/03\/10-Fijacion-de-la-policromia-150x150.jpg\" class=\"attachment-thumbnail size-thumbnail\" alt=\"Correction de la polychromie\" srcset=\"https:\/\/www.restauracion-obras-arte.com\/wp-content\/uploads\/2026\/03\/10-Fijacion-de-la-policromia-150x150.jpg 150w, https:\/\/www.restauracion-obras-arte.com\/wp-content\/uploads\/2026\/03\/10-Fijacion-de-la-policromia-47x47.jpg 47w\" sizes=\"auto, (max-width: 150px) 100vw, 150px\" \/><\/a>\n\t\t\t<\/dt>\n\t\t\t\t<dd class='wp-caption-text gallery-caption'>\n\t\t\t\tCorrection de la polychromie\n\t\t\t\t<\/dd><\/dl><br style=\"clear: both\" \/><dl class='gallery-item'>\n\t\t\t<dt class='gallery-icon '>\n\t\t\t\t<a href='https:\/\/www.restauracion-obras-arte.com\/wp-content\/uploads\/2026\/03\/11-Detalle-estado-final.jpg'><img loading=\"lazy\" decoding=\"async\" width=\"150\" height=\"150\" src=\"https:\/\/www.restauracion-obras-arte.com\/wp-content\/uploads\/2026\/03\/11-Detalle-estado-final-150x150.jpg\" class=\"attachment-thumbnail size-thumbnail\" alt=\"D\u00e9tail de l&#039;\u00e9tat final Sculpture polychrome, fin du XVIe si\u00e8cle\" srcset=\"https:\/\/www.restauracion-obras-arte.com\/wp-content\/uploads\/2026\/03\/11-Detalle-estado-final-150x150.jpg 150w, https:\/\/www.restauracion-obras-arte.com\/wp-content\/uploads\/2026\/03\/11-Detalle-estado-final-47x47.jpg 47w\" sizes=\"auto, (max-width: 150px) 100vw, 150px\" \/><\/a>\n\t\t\t<\/dt>\n\t\t\t\t<dd class='wp-caption-text gallery-caption'>\n\t\t\t\tD\u00e9tail de l&rsquo;\u00e9tat final <br>\nSculpture polychrome, fin du XVIe si\u00e8cle\n\t\t\t\t<\/dd><\/dl><dl class='gallery-item'>\n\t\t\t<dt class='gallery-icon '>\n\t\t\t\t<a href='https:\/\/www.restauracion-obras-arte.com\/wp-content\/uploads\/2026\/03\/12-Detalle-estado-inicial.jpg'><img loading=\"lazy\" decoding=\"async\" width=\"150\" height=\"150\" src=\"https:\/\/www.restauracion-obras-arte.com\/wp-content\/uploads\/2026\/03\/12-Detalle-estado-inicial-150x150.jpg\" class=\"attachment-thumbnail size-thumbnail\" alt=\"D\u00e9tail de l&#039;\u00e9tat initial Sculpture gothique polychrome\" srcset=\"https:\/\/www.restauracion-obras-arte.com\/wp-content\/uploads\/2026\/03\/12-Detalle-estado-inicial-150x150.jpg 150w, https:\/\/www.restauracion-obras-arte.com\/wp-content\/uploads\/2026\/03\/12-Detalle-estado-inicial-581x579.jpg 581w, https:\/\/www.restauracion-obras-arte.com\/wp-content\/uploads\/2026\/03\/12-Detalle-estado-inicial-47x47.jpg 47w\" sizes=\"auto, (max-width: 150px) 100vw, 150px\" \/><\/a>\n\t\t\t<\/dt>\n\t\t\t\t<dd class='wp-caption-text gallery-caption'>\n\t\t\t\tD\u00e9tail de l&rsquo;\u00e9tat initial <br>\nSculpture gothique polychrome\n\t\t\t\t<\/dd><\/dl><dl class='gallery-item'>\n\t\t\t<dt class='gallery-icon '>\n\t\t\t\t<a href='https:\/\/www.restauracion-obras-arte.com\/wp-content\/uploads\/2026\/03\/13-Estado-inicial.jpg'><img loading=\"lazy\" decoding=\"async\" width=\"150\" height=\"150\" src=\"https:\/\/www.restauracion-obras-arte.com\/wp-content\/uploads\/2026\/03\/13-Estado-inicial-150x150.jpg\" class=\"attachment-thumbnail size-thumbnail\" alt=\"\u00c9tat initial Sculpture gothique polychrome.\" srcset=\"https:\/\/www.restauracion-obras-arte.com\/wp-content\/uploads\/2026\/03\/13-Estado-inicial-150x150.jpg 150w, https:\/\/www.restauracion-obras-arte.com\/wp-content\/uploads\/2026\/03\/13-Estado-inicial-47x47.jpg 47w\" sizes=\"auto, (max-width: 150px) 100vw, 150px\" \/><\/a>\n\t\t\t<\/dt>\n\t\t\t\t<dd class='wp-caption-text gallery-caption'>\n\t\t\t\t\u00c9tat initial<br> Sculpture gothique polychrome.\n\n\t\t\t\t<\/dd><\/dl><dl class='gallery-item'>\n\t\t\t<dt class='gallery-icon '>\n\t\t\t\t<a href='https:\/\/www.restauracion-obras-arte.com\/wp-content\/uploads\/2026\/03\/14-Estado-inicialTalla-policromada-gotica.jpg'><img loading=\"lazy\" decoding=\"async\" width=\"150\" height=\"150\" src=\"https:\/\/www.restauracion-obras-arte.com\/wp-content\/uploads\/2026\/03\/14-Estado-inicialTalla-policromada-gotica-150x150.jpg\" class=\"attachment-thumbnail size-thumbnail\" alt=\"\u00c9tat initial Sculpture gothique polychrome.\" srcset=\"https:\/\/www.restauracion-obras-arte.com\/wp-content\/uploads\/2026\/03\/14-Estado-inicialTalla-policromada-gotica-150x150.jpg 150w, https:\/\/www.restauracion-obras-arte.com\/wp-content\/uploads\/2026\/03\/14-Estado-inicialTalla-policromada-gotica-47x47.jpg 47w\" sizes=\"auto, (max-width: 150px) 100vw, 150px\" \/><\/a>\n\t\t\t<\/dt>\n\t\t\t\t<dd class='wp-caption-text gallery-caption'>\n\t\t\t\t\u00c9tat initial <br\/>\nSculpture gothique polychrome.\n\t\t\t\t<\/dd><\/dl>\n\t\t\t<br style='clear: both;' \/>\n\t\t<\/div>\n\n<p style=\"text-align: left;\">\n<style type=\"text\/css\" scoped=\"scoped\">#g1-button-counter-1.g1-button > span > span,\n#g1-button-counter-1.g1-button:hover > span > span {\ncolor: #ffffff;\n}\n#g1-button-counter-1.g1-button {\nbackground-color: #680005;\n}\n#g1-button-counter-1.g1-button > span > span {\nbackground-color: #780a0f;\nfilter: progid:DXImageTransform.Microsoft.gradient(GradientType=0, startColorstr=#ce000a, endColorstr=#ff780a0f);\n-ms-filter: \"progid:DXImageTransform.Microsoft.gradient (GradientType=0, startColorstr=#ce000a, endColorstr=#780a0f)\";\nbackground-image: -webkit-gradient(linear, 0% 0%, 0% 100%, from(#ce000a), to(#780a0f));\nbackground-image: -webkit-linear-gradient(top, #ce000a, #780a0f);\nbackground-image:    -moz-linear-gradient(top, #ce000a, #780a0f);\nbackground-image:     -ms-linear-gradient(top, #ce000a, #780a0f);\nbackground-image:      -o-linear-gradient(top, #ce000a, #780a0f);\nbackground-image:         linear-gradient(top, #ce000a, #780a0f);\n}\n#g1-button-counter-1.g1-button:hover > span > span {\nfilter: progid:DXImageTransform.Microsoft.gradient(GradientType=0, startColorstr=#780a0f, endColorstr=#ffce000a);\n-ms-filter: \"progid:DXImageTransform.Microsoft.gradient (GradientType=0, startColorstr=#780a0f, endColorstr=#ce000a)\";\nbackground-image: -webkit-gradient(linear, 0% 0%, 0% 200%, from(#780a0f), to(#ce000a));\nbackground-image: -webkit-linear-gradient(top, #780a0f 0%, #ce000a 200%);\nbackground-image:    -moz-linear-gradient(top, #780a0f 0%, #ce000a 200%);\nbackground-image:     -ms-linear-gradient(top, #780a0f 0%, #ce000a 200%);\nbackground-image:      -o-linear-gradient(top, #780a0f 0%, #ce000a 200%);\nbackground-image:         linear-gradient(top, #780a0f 0%, #ce000a 200%);\n}\n<\/style>\n<a id=\"g1-button-counter-1\" class=\"g1-button g1-small g1-simple\" href=\"https:\/\/www.restauracion-obras-arte.com\/fr\/restauration-sculptures\/\" ><span><span> Retour <\/span><\/span><\/a><\/p>\n","protected":false},"excerpt":{"rendered":"","protected":false},"author":1,"featured_media":0,"parent":2363,"menu_order":0,"comment_status":"closed","ping_status":"closed","template":"","meta":{"footnotes":""},"class_list":["post-2502","page","type-page","status-publish","hentry"],"aioseo_notices":[],"_links":{"self":[{"href":"https:\/\/www.restauracion-obras-arte.com\/fr\/wp-json\/wp\/v2\/pages\/2502","targetHints":{"allow":["GET"]}}],"collection":[{"href":"https:\/\/www.restauracion-obras-arte.com\/fr\/wp-json\/wp\/v2\/pages"}],"about":[{"href":"https:\/\/www.restauracion-obras-arte.com\/fr\/wp-json\/wp\/v2\/types\/page"}],"author":[{"embeddable":true,"href":"https:\/\/www.restauracion-obras-arte.com\/fr\/wp-json\/wp\/v2\/users\/1"}],"replies":[{"embeddable":true,"href":"https:\/\/www.restauracion-obras-arte.com\/fr\/wp-json\/wp\/v2\/comments?post=2502"}],"version-history":[{"count":4,"href":"https:\/\/www.restauracion-obras-arte.com\/fr\/wp-json\/wp\/v2\/pages\/2502\/revisions"}],"predecessor-version":[{"id":5915,"href":"https:\/\/www.restauracion-obras-arte.com\/fr\/wp-json\/wp\/v2\/pages\/2502\/revisions\/5915"}],"up":[{"embeddable":true,"href":"https:\/\/www.restauracion-obras-arte.com\/fr\/wp-json\/wp\/v2\/pages\/2363"}],"wp:attachment":[{"href":"https:\/\/www.restauracion-obras-arte.com\/fr\/wp-json\/wp\/v2\/media?parent=2502"}],"curies":[{"name":"wp","href":"https:\/\/api.w.org\/{rel}","templated":true}]}}